{"id":2,"date":"2022-07-26T17:46:52","date_gmt":"2022-07-26T15:46:52","guid":{"rendered":"http:\/\/pedikurahustopece.cz\/?page_id=2"},"modified":"2026-01-03T10:47:22","modified_gmt":"2026-01-03T09:47:22","slug":"nabidka-sluzeb","status":"publish","type":"page","link":"https:\/\/pedikurahustopece.cz\/","title":{"rendered":"\u00davodn\u00ed str\u00e1nka"},"content":{"rendered":"\n<div class=\"wp-block-cover is-light\" style=\"min-height:482px\"><span aria-hidden=\"true\" class=\"wp-block-cover__background has-theme-palette-5-background-color has-background-dim\"><\/span><img loading=\"lazy\" decoding=\"async\" width=\"2560\" height=\"853\" class=\"wp-block-cover__image-background wp-image-111\" alt=\"\" src=\"http:\/\/pedikurahustopece.cz\/wp-content\/uploads\/2022\/09\/1820296679-huge-scaled.jpg\" data-object-fit=\"cover\" srcset=\"https:\/\/pedikurahustopece.cz\/wp-content\/uploads\/2022\/09\/1820296679-huge-scaled.jpg 2560w, https:\/\/pedikurahustopece.cz\/wp-content\/uploads\/2022\/09\/1820296679-huge-300x100.jpg 300w, https:\/\/pedikurahustopece.cz\/wp-content\/uploads\/2022\/09\/1820296679-huge-1024x341.jpg 1024w, https:\/\/pedikurahustopece.cz\/wp-content\/uploads\/2022\/09\/1820296679-huge-768x256.jpg 768w, https:\/\/pedikurahustopece.cz\/wp-content\/uploads\/2022\/09\/1820296679-huge-1536x512.jpg 1536w, https:\/\/pedikurahustopece.cz\/wp-content\/uploads\/2022\/09\/1820296679-huge-2048x683.jpg 2048w\" sizes=\"(max-width: 2560px) 100vw, 2560px\" \/><div class=\"wp-block-cover__inner-container is-layout-flow wp-block-cover-is-layout-flow\">\n<h1 class=\"wp-block-heading has-text-align-left has-theme-palette-9-color has-text-color\" style=\"font-size:46px\"><strong>P\u0158\u00cdSTROJOV\u00c1 PEDIK\u00daRA HUSTOPE\u010cE<\/strong><\/h1>\n\n\n\n<h3 class=\"wp-block-heading has-text-align-left has-theme-palette-9-color has-text-color\">O\u0161et\u0159en\u00ed kombinuje to nejlep\u0161\u00ed z klasick\u00e9 a p\u0159\u00edstrojov\u00e9 pedik\u00fary. <br>Va\u0161e nohy to jist\u011b ocen\u00ed. <\/h3>\n\n\n\n<div style=\"height:2px\" aria-hidden=\"true\" class=\"wp-block-spacer\"><\/div>\n\n\n\n<p class=\"has-theme-palette-9-color has-text-color\"><strong>KATE\u0158INA KUKLOV\u00c1<\/strong><br>Kr\u00e1tk\u00e1 10<br>693 01 Hustope\u010de<\/p>\n\n\n\n<p class=\"has-theme-palette-9-color has-text-color\"><a href=\"tel:+420 775 443 297\">+420 775 443 297<\/a><br><a href=\"mailto:info@pedikurahustopece.cz\">info@pedikurahustopece.cz<\/a><\/p>\n<\/div><\/div>\n\n\n\n<h3 class=\"wp-block-heading\"><strong>P\u0159ehled slu\u017eeb<\/strong>:<\/h3>\n\n\n\n<div class=\"wp-block-columns is-layout-flex wp-container-core-columns-layout-1 wp-block-columns-is-layout-flex\" style=\"padding-top:0;padding-right:0;padding-bottom:0;padding-left:0\">\n<div class=\"wp-block-column has-theme-palette-8-background-color has-background is-layout-flow wp-block-column-is-layout-flow\"><div class=\"wp-block-image is-resized\">\n<figure class=\"aligncenter size-large\"><img loading=\"lazy\" decoding=\"async\" width=\"1200\" height=\"1202\" src=\"http:\/\/pedikurahustopece.cz\/wp-content\/uploads\/2022\/09\/WhatsApp-Image-2022-09-16-at-13.16.31-2-edited.jpeg\" alt=\"pristrojova pedikura Hustopece\" class=\"wp-image-117\" style=\"object-fit:cover;width:300px;height:300px\" srcset=\"https:\/\/pedikurahustopece.cz\/wp-content\/uploads\/2022\/09\/WhatsApp-Image-2022-09-16-at-13.16.31-2-edited.jpeg 1200w, https:\/\/pedikurahustopece.cz\/wp-content\/uploads\/2022\/09\/WhatsApp-Image-2022-09-16-at-13.16.31-2-edited-300x300.jpeg 300w, https:\/\/pedikurahustopece.cz\/wp-content\/uploads\/2022\/09\/WhatsApp-Image-2022-09-16-at-13.16.31-2-edited-1022x1024.jpeg 1022w, https:\/\/pedikurahustopece.cz\/wp-content\/uploads\/2022\/09\/WhatsApp-Image-2022-09-16-at-13.16.31-2-edited-150x150.jpeg 150w, https:\/\/pedikurahustopece.cz\/wp-content\/uploads\/2022\/09\/WhatsApp-Image-2022-09-16-at-13.16.31-2-edited-768x769.jpeg 768w\" sizes=\"(max-width: 1200px) 100vw, 1200px\" \/><figcaption class=\"wp-element-caption\">O\u0161et\u0159en\u00ed nohou<\/figcaption><\/figure><\/div>\n\n\n<h2 class=\"wp-block-heading has-text-align-center\" style=\"padding-top:0;padding-right:0;padding-bottom:0;padding-left:0\">PEDIK\u00daRA<\/h2>\n\n\n\n<p class=\"has-text-align-center\"> Pedik\u00fara je 60-120 minutov\u00e9 o\u0161et\u0159en\u00ed nohou a neht\u016f. <br>D\u00e9lka je z\u00e1visl\u00e1 na prov\u00e1d\u011bn\u00fdch slu\u017eb\u00e1ch. <\/p>\n\n\n\n<h2 class=\"wp-block-heading has-text-align-center\"><strong>800 K\u010d<\/strong><\/h2>\n<\/div>\n\n\n\n<div class=\"wp-block-column is-layout-flow wp-block-column-is-layout-flow\"><div class=\"wp-block-image is-resized\">\n<figure class=\"aligncenter size-large\"><img loading=\"lazy\" decoding=\"async\" width=\"400\" height=\"400\" src=\"https:\/\/pedikurahustopece.cz\/wp-content\/uploads\/2022\/09\/WhatsApp-Image-2022-09-21-at-11.34.39-edited.jpeg\" alt=\"\" class=\"wp-image-156\" style=\"object-fit:cover;width:300px;height:300px\" srcset=\"https:\/\/pedikurahustopece.cz\/wp-content\/uploads\/2022\/09\/WhatsApp-Image-2022-09-21-at-11.34.39-edited.jpeg 400w, https:\/\/pedikurahustopece.cz\/wp-content\/uploads\/2022\/09\/WhatsApp-Image-2022-09-21-at-11.34.39-edited-300x300.jpeg 300w, https:\/\/pedikurahustopece.cz\/wp-content\/uploads\/2022\/09\/WhatsApp-Image-2022-09-21-at-11.34.39-edited-150x150.jpeg 150w\" sizes=\"(max-width: 400px) 100vw, 400px\" \/><figcaption class=\"wp-element-caption\">Akutn\u00ed o\u0161et\u0159en\u00ed zarostl\u00e9ho nehtu<\/figcaption><\/figure><\/div>\n\n\n<h2 class=\"wp-block-heading has-text-align-center\">TAMPON\u00c1DA<\/h2>\n\n\n\n<p class=\"has-text-align-center\"> O\u0161et\u0159en\u00ed zar\u016fstaj\u00edc\u00edho nehtu pomoc\u00ed tampon\u00e1dy spo\u010d\u00edv\u00e1 ve vypodlo\u017een\u00ed zar\u016fstaj\u00edc\u00edho rohu nehtu speci\u00e1ln\u00ed tkaninou. <\/p>\n\n\n\n<h2 class=\"wp-block-heading has-text-align-center\"><strong>50 K\u010d \/ nehet<\/strong><\/h2>\n<\/div>\n\n\n\n<div class=\"wp-block-column has-theme-palette-8-background-color has-background is-layout-flow wp-block-column-is-layout-flow\"><div class=\"wp-block-image is-resized\">\n<figure class=\"aligncenter size-large\"><img loading=\"lazy\" decoding=\"async\" width=\"738\" height=\"738\" src=\"http:\/\/pedikurahustopece.cz\/wp-content\/uploads\/2022\/09\/WhatsApp-Image-2022-09-16-at-13.16.32-1-edited-1.jpeg\" alt=\"nehtova spona\" class=\"wp-image-128\" style=\"object-fit:cover;width:300px;height:300px\" srcset=\"https:\/\/pedikurahustopece.cz\/wp-content\/uploads\/2022\/09\/WhatsApp-Image-2022-09-16-at-13.16.32-1-edited-1.jpeg 738w, https:\/\/pedikurahustopece.cz\/wp-content\/uploads\/2022\/09\/WhatsApp-Image-2022-09-16-at-13.16.32-1-edited-1-300x300.jpeg 300w, https:\/\/pedikurahustopece.cz\/wp-content\/uploads\/2022\/09\/WhatsApp-Image-2022-09-16-at-13.16.32-1-edited-1-150x150.jpeg 150w\" sizes=\"(max-width: 738px) 100vw, 738px\" \/><figcaption class=\"wp-element-caption\">O\u0161et\u0159en\u00ed zarostl\u00e9ho nehtu<\/figcaption><\/figure><\/div>\n\n\n<h2 class=\"wp-block-heading has-text-align-center\">NEHTOV\u00c1 SPONA NITI<\/h2>\n\n\n\n<p class=\"has-text-align-center\">Pomoc\u00ed nehtov\u00e9 spony (rovn\u00e1tka) se zbav\u00edte zar\u016fst\u00e1n\u00ed neht\u016f jednou prov\u017edy.&nbsp;<br>Sponov\u00e1n\u00ed je dlouhodob\u00e1 terapie.&nbsp;<\/p>\n\n\n\n<h2 class=\"wp-block-heading has-text-align-center\"><strong>800 K\u010d \/ nehet<\/strong><\/h2>\n<\/div>\n<\/div>\n\n\n\n<div class=\"wp-block-columns is-layout-flex wp-container-core-columns-layout-2 wp-block-columns-is-layout-flex\">\n<div class=\"wp-block-column has-theme-palette-8-background-color has-background is-layout-flow wp-block-column-is-layout-flow\"><div class=\"wp-block-image is-resized\">\n<figure class=\"aligncenter size-large\"><img loading=\"lazy\" decoding=\"async\" width=\"1024\" height=\"1024\" src=\"https:\/\/pedikurahustopece.cz\/wp-content\/uploads\/2022\/11\/IMG_6334-1024x1024.jpeg\" alt=\"\" class=\"wp-image-176\" style=\"object-fit:cover;width:300px;height:300px\" srcset=\"https:\/\/pedikurahustopece.cz\/wp-content\/uploads\/2022\/11\/IMG_6334-1024x1024.jpeg 1024w, https:\/\/pedikurahustopece.cz\/wp-content\/uploads\/2022\/11\/IMG_6334-300x300.jpeg 300w, https:\/\/pedikurahustopece.cz\/wp-content\/uploads\/2022\/11\/IMG_6334-150x150.jpeg 150w, https:\/\/pedikurahustopece.cz\/wp-content\/uploads\/2022\/11\/IMG_6334-768x767.jpeg 768w, https:\/\/pedikurahustopece.cz\/wp-content\/uploads\/2022\/11\/IMG_6334.jpeg 1138w\" sizes=\"(max-width: 1024px) 100vw, 1024px\" \/><figcaption class=\"wp-element-caption\">St\u0159\u00edh\u00e1n\u00ed neht\u016f<\/figcaption><\/figure><\/div>\n\n\n<h2 class=\"wp-block-heading has-text-align-center\">ST\u0158\u00cdH\u00c1N\u00cd<\/h2>\n\n\n\n<p class=\"has-text-align-center\"> Slu\u017eba zahrnuje desinfekci nohou a ost\u0159\u00edh\u00e1n\u00ed neht\u016f bez kombinace s jin\u00fdmi \u010dinnostmi.  <\/p>\n\n\n\n<h2 class=\"wp-block-heading has-text-align-center\"><strong>150 K\u010d<\/strong><\/h2>\n<\/div>\n\n\n\n<div class=\"wp-block-column is-layout-flow wp-block-column-is-layout-flow\"><div class=\"wp-block-image is-resized\">\n<figure class=\"aligncenter size-large\"><img loading=\"lazy\" decoding=\"async\" width=\"1512\" height=\"1512\" src=\"http:\/\/pedikurahustopece.cz\/wp-content\/uploads\/2022\/09\/WhatsApp-Image-2022-09-16-at-13.16.31-edited.jpeg\" alt=\"lakovani nehtu\" class=\"wp-image-123\" style=\"object-fit:cover;width:300px;height:300px\" srcset=\"https:\/\/pedikurahustopece.cz\/wp-content\/uploads\/2022\/09\/WhatsApp-Image-2022-09-16-at-13.16.31-edited.jpeg 1512w, https:\/\/pedikurahustopece.cz\/wp-content\/uploads\/2022\/09\/WhatsApp-Image-2022-09-16-at-13.16.31-edited-300x300.jpeg 300w, https:\/\/pedikurahustopece.cz\/wp-content\/uploads\/2022\/09\/WhatsApp-Image-2022-09-16-at-13.16.31-edited-1024x1024.jpeg 1024w, https:\/\/pedikurahustopece.cz\/wp-content\/uploads\/2022\/09\/WhatsApp-Image-2022-09-16-at-13.16.31-edited-150x150.jpeg 150w, https:\/\/pedikurahustopece.cz\/wp-content\/uploads\/2022\/09\/WhatsApp-Image-2022-09-16-at-13.16.31-edited-768x768.jpeg 768w\" sizes=\"(max-width: 1512px) 100vw, 1512px\" \/><figcaption class=\"wp-element-caption\">Lakov\u00e1n\u00ed neht\u016f<\/figcaption><\/figure><\/div>\n\n\n<h2 class=\"wp-block-heading has-text-align-center\">LAKOV\u00c1N\u00cd<\/h2>\n\n\n\n<p class=\"has-text-align-center\"> Lakov\u00e1n\u00ed neht\u016f se skl\u00e1d\u00e1<br>z podkladov\u00e9 b\u00e1ze, barevn\u00e9ho laku dle v\u00fdb\u011bru a kryc\u00ed vrstvy. Cena plat\u00ed pro lakov\u00e1n\u00ed po pedik\u00fa\u0159e.<\/p>\n\n\n\n<h2 class=\"wp-block-heading has-text-align-center\"><strong>100 K\u010d<\/strong><\/h2>\n\n\n\n<p><\/p>\n<\/div>\n\n\n\n<div class=\"wp-block-column has-theme-palette-8-background-color has-background is-layout-flow wp-block-column-is-layout-flow\"><div class=\"wp-block-image is-resized\">\n<figure class=\"aligncenter size-large\"><img loading=\"lazy\" decoding=\"async\" width=\"1200\" height=\"1200\" src=\"http:\/\/pedikurahustopece.cz\/wp-content\/uploads\/2022\/09\/WhatsApp-Image-2022-09-16-at-13.16.32-2-edited.jpeg\" alt=\"tape zarostleho nehtu\" class=\"wp-image-126\" style=\"object-fit:cover;width:300px;height:300px\" srcset=\"https:\/\/pedikurahustopece.cz\/wp-content\/uploads\/2022\/09\/WhatsApp-Image-2022-09-16-at-13.16.32-2-edited.jpeg 1200w, https:\/\/pedikurahustopece.cz\/wp-content\/uploads\/2022\/09\/WhatsApp-Image-2022-09-16-at-13.16.32-2-edited-300x300.jpeg 300w, https:\/\/pedikurahustopece.cz\/wp-content\/uploads\/2022\/09\/WhatsApp-Image-2022-09-16-at-13.16.32-2-edited-1024x1024.jpeg 1024w, https:\/\/pedikurahustopece.cz\/wp-content\/uploads\/2022\/09\/WhatsApp-Image-2022-09-16-at-13.16.32-2-edited-150x150.jpeg 150w, https:\/\/pedikurahustopece.cz\/wp-content\/uploads\/2022\/09\/WhatsApp-Image-2022-09-16-at-13.16.32-2-edited-768x768.jpeg 768w\" sizes=\"(max-width: 1200px) 100vw, 1200px\" \/><figcaption class=\"wp-element-caption\">\u0158e\u0161en\u00ed zar\u016fst\u00e1n\u00ed neht\u016f<\/figcaption><\/figure><\/div>\n\n\n<h2 class=\"wp-block-heading has-text-align-center\">TAPE<\/h2>\n\n\n\n<p class=\"has-text-align-center\">Pomocn\u00e1 technika p\u0159i zar\u016fst\u00e1n\u00ed neht\u016f.<\/p>\n\n\n\n<h2 class=\"wp-block-heading has-text-align-center\"><strong>20 K\u010d \/ nehet<\/strong><\/h2>\n<\/div>\n<\/div>\n\n\n\n<div class=\"wp-block-columns is-layout-flex wp-container-core-columns-layout-3 wp-block-columns-is-layout-flex\">\n<div class=\"wp-block-column has-theme-palette-8-background-color has-background is-layout-flow wp-block-column-is-layout-flow\"><div class=\"wp-block-image is-resized\">\n<figure class=\"aligncenter size-large\"><img loading=\"lazy\" decoding=\"async\" width=\"1107\" height=\"1107\" src=\"https:\/\/pedikurahustopece.cz\/wp-content\/uploads\/2025\/09\/WhatsApp-Image-2025-09-11-at-21.51.35-edited.jpeg\" alt=\"\" class=\"wp-image-360\" style=\"object-fit:cover;width:300px;height:auto\" srcset=\"https:\/\/pedikurahustopece.cz\/wp-content\/uploads\/2025\/09\/WhatsApp-Image-2025-09-11-at-21.51.35-edited.jpeg 1107w, https:\/\/pedikurahustopece.cz\/wp-content\/uploads\/2025\/09\/WhatsApp-Image-2025-09-11-at-21.51.35-edited-300x300.jpeg 300w, https:\/\/pedikurahustopece.cz\/wp-content\/uploads\/2025\/09\/WhatsApp-Image-2025-09-11-at-21.51.35-edited-1024x1024.jpeg 1024w, https:\/\/pedikurahustopece.cz\/wp-content\/uploads\/2025\/09\/WhatsApp-Image-2025-09-11-at-21.51.35-edited-150x150.jpeg 150w, https:\/\/pedikurahustopece.cz\/wp-content\/uploads\/2025\/09\/WhatsApp-Image-2025-09-11-at-21.51.35-edited-768x768.jpeg 768w\" sizes=\"(max-width: 1107px) 100vw, 1107px\" \/><figcaption class=\"wp-element-caption\">KART-pedik\u00fara<\/figcaption><\/figure><\/div>\n\n\n<h2 class=\"wp-block-heading has-text-align-center\">KART-pedik\u00fara<\/h2>\n\n\n\n<p class=\"has-text-align-center\">Pedik\u00fara zalo\u017een\u00e1 na p\u0159\u00edpravc\u00edch s \u00fa\u010dinn\u00fdmi l\u00e1tkami (nap\u0159. chemick\u00fd peeling). <\/p>\n\n\n\n<h2 class=\"wp-block-heading has-text-align-center\"><strong>1400 K\u010d<\/strong> \/ <strong>60-90min.<\/strong><\/h2>\n<\/div>\n\n\n\n<div class=\"wp-block-column has-theme-palette-8-background-color has-background is-layout-flow wp-block-column-is-layout-flow\"><div class=\"wp-block-image is-resized\">\n<figure class=\"aligncenter size-full\"><img loading=\"lazy\" decoding=\"async\" width=\"395\" height=\"410\" src=\"https:\/\/pedikurahustopece.cz\/wp-content\/uploads\/2023\/06\/protetika-edited.png\" alt=\"\" class=\"wp-image-229\" style=\"object-fit:cover;width:300px;height:300px\" srcset=\"https:\/\/pedikurahustopece.cz\/wp-content\/uploads\/2023\/06\/protetika-edited.png 395w, https:\/\/pedikurahustopece.cz\/wp-content\/uploads\/2023\/06\/protetika-edited-289x300.png 289w\" sizes=\"(max-width: 395px) 100vw, 395px\" \/><figcaption class=\"wp-element-caption\">Nehtov\u00e1 protetika<\/figcaption><\/figure><\/div>\n\n\n<h2 class=\"wp-block-heading has-text-align-center\">NEHTOV\u00c1 PROTETIKA<\/h2>\n\n\n\n<p class=\"has-text-align-center\">Nehtovou protetikou se rozum\u00ed n\u00e1hrada nebo dopln\u011bn\u00ed \u010d\u00e1sti nehtu.<\/p>\n\n\n\n<h2 class=\"wp-block-heading has-text-align-center\"><strong>200 K\u010d \/ nehet<\/strong><\/h2>\n<\/div>\n<\/div>\n\n\n\n<div style=\"height:24px\" aria-hidden=\"true\" class=\"wp-block-spacer\"><\/div>\n\n\n\n<h3 class=\"wp-block-heading\"><strong>Nej\u010dast\u011bj\u0161\u00ed dotazy<\/strong>:<\/h3>\n\n\n\n<h3 class=\"wp-block-heading\">Pro koho je salon ur\u010den?<\/h3>\n\n\n\n<p>Pro \u017eeny a mu\u017ee, kte\u0159\u00ed hledaj\u00ed opravdovou p\u00e9\u010di, maj\u00ed r\u00e1di p\u0159irozenost a upraven\u00e9 nehty bez komplikovan\u00e9ho zdoben\u00ed. Nab\u00edz\u00edm jen slu\u017eby, o kter\u00fdch jsem p\u0159esv\u011bd\u010dena, \u017ee jsou kvalitn\u00ed a zdrav\u00e9. Pracuji v\u00fdhradn\u011b s p\u0159\u00edpravky ur\u010den\u00fdmi pro profesion\u00e1ln\u00ed p\u00e9\u010di.<\/p>\n\n\n\n<h3 class=\"wp-block-heading\">Co je to mokr\u00e1 pedik\u00fara?<\/h3>\n\n\n\n<p>Mokr\u00e1 pedik\u00fara za\u010d\u00edn\u00e1 10 minutovou l\u00e1zn\u00ed, b\u011bhem kter\u00e9 se zm\u011bk\u010d\u00ed rohov\u00e9 vrstvy k\u016f\u017ee. Do vody se p\u0159id\u00e1v\u00e1 vhodn\u00e1 koupelov\u00e1 s\u016fl. Pot\u00e9 o\u0161et\u0159\u00edm nehty a nehtov\u00e9 valy a n\u00e1sledn\u011b skalpelem odstran\u00edm ztlu\u0161t\u011blou k\u016f\u017ei na pat\u00e1ch, chodidlech, mozoly a ku\u0159\u00ed oka. Na z\u00e1v\u011br nanesu vhodn\u00fd kr\u00e9m.&nbsp;&nbsp;<\/p>\n\n\n\n<h3 class=\"wp-block-heading\">Co je to such\u00e1 neboli p\u0159\u00edstrojov\u00e1 pedik\u00fara?<\/h3>\n\n\n\n<p>Such\u00e1 neboli p\u0159\u00edstrojov\u00e1 pedik\u00fara je odborn\u00e9 o\u0161et\u0159en\u00ed neht\u016f a k\u016f\u017ee na nohou pomoci vysokoobr\u00e1tkov\u00e9ho p\u0159\u00edstroje s fr\u00e9zami. Pedik\u00fara takto prov\u00e1d\u011bn\u00e1 je pe\u010dliv\u011bj\u0161\u00ed a \u0161etrn\u011bj\u0161\u00ed.<\/p>\n\n\n\n<h3 class=\"wp-block-heading\">Co je to nehtov\u00e1 spona?<\/h3>\n\n\n\n<p>Nehtov\u00e1 spona je dr\u00e1t\u011bn\u00fd syst\u00e9m, kter\u00fd pro\u0161kolen\u00fd person\u00e1l individu\u00e1ln\u011b uprav\u00ed a aplikuje na zarostl\u00fd nehet. Pomoc\u00ed nehtov\u00e9 spony (rovn\u00e1tka) se zbav\u00edte zar\u016fst\u00e1n\u00ed neht\u016f jednou prov\u017edy.&nbsp;Sponov\u00e1n\u00ed je dlouhodob\u00e1 terapie trvaj\u00edc\u00ed min. rok.<\/p>\n\n\n\n<blockquote class=\"wp-block-quote\">\n<p><strong>Ka\u017ed\u00e9 nohy vy\u017eaduj\u00ed jinou techniku. Doporu\u010dujeme jej\u00ed v\u00fdb\u011br nechat na pro\u0161kolen\u00e9m odborn\u00edkovi.&nbsp;<\/strong><\/p>\n<\/blockquote>\n\n\n\n<h3 class=\"wp-block-heading\">Co je to nehtov\u00e1 protetika?<\/h3>\n\n\n\n<p>Nehtov\u00e1 protetika je metoda obnovy po\u0161kozen\u00e9ho nebo chyb\u011bj\u00edc\u00edho nehtu pomoc\u00ed speci\u00e1ln\u00edch materi\u00e1l\u016f. Po\u0161kozen\u00ed nehtov\u00e9 plot\u00e9nky m\u016f\u017ee m\u00edt mnoho p\u0159\u00ed\u010din, nej\u010dast\u011bji je zp\u016fsobeno \u00farazem, nebo poruchami r\u016fstu. Pro aplikaci nehtov\u00e9 n\u00e1hrady je pot\u0159eba, aby nehet nebyl citliv\u00fd na dotek. N\u00e1hrada se d\u00e1 bez probl\u00e9mu nalakovat a je natolik pru\u017en\u00e1, \u017ee klienta nijak neomezuje. Z hygienick\u00fdch d\u016fvod\u016f doporu\u010duji v\u00fdm\u011bnu protetiky po 4-5 t\u00fddnech. <\/p>\n\n\n\n<h3 class=\"wp-block-heading\">S jak\u00fdmi p\u0159\u00edpravky pracuji?<\/h3>\n\n\n\n<p><strong>The Medicalima<\/strong> je jedin\u00fd v\u00fdrobce podologick\u00fdch produkt\u016f na sv\u011bt\u011b, kter\u00fd vyu\u017e\u00edv\u00e1 n\u00edzkomolekul\u00e1rn\u00ed p\u0159\u00edpravky a z\u00e1rove\u0148 peptidy.<br><strong>KART-pedik\u00fara<\/strong> je zalo\u017eena na p\u0159\u00edpravc\u00edch s \u00fa\u010dinn\u00fdmi l\u00e1tkami (jako nap\u0159. chemick\u00fd peeling), kter\u00e9 pom\u00e1haj\u00ed rozpou\u0161t\u011bt rohov\u00e9 vrstvy k\u016f\u017ee a poskytuj\u00ed vysoce regenera\u010dn\u00ed p\u00e9\u010di o poko\u017eku.<\/p>\n\n\n\n<h3 class=\"wp-block-heading\"> <strong>D\u016fle\u017eit\u00e1 upozorn\u011bn\u00ed<\/strong>:<\/h3>\n\n\n\n<ul>\n<li>Pros\u00edm klienty, aby mi hl\u00e1sili diabetes, burgerovu nemoc a l\u00e9ky na \u0159ed\u011bn\u00ed krve, abych mohla zvolit vhodnou techniku pro jejich o\u0161et\u0159en\u00ed.<\/li>\n\n\n\n<li>Pou\u017e\u00edv\u00e1m pouze profesion\u00e1ln\u00ed kosmetiku i techniku. Pro ka\u017ed\u00e9ho klienta pou\u017e\u00edv\u00e1m n\u00e1stroje bu\u010f o\u010di\u0161t\u011bn\u00e9 ultrazvukem a n\u00e1sledn\u011b sterilizovan\u00e9, nebo jednor\u00e1zov\u00e9.&nbsp;<\/li>\n\n\n\n<li>Bradavice pat\u0159\u00ed v\u00fdhradn\u011b do p\u00e9\u010de dermatologa.&nbsp;<\/li>\n\n\n\n<li>CO U M\u011a NENAJDETE: gel laky a akryl syst\u00e9my<\/li>\n<\/ul>\n\n\n\n<div class=\"wp-block-columns is-layout-flex wp-container-core-columns-layout-6 wp-block-columns-is-layout-flex\">\n<div class=\"wp-block-column is-layout-flow wp-block-column-is-layout-flow\">\n<div class=\"wp-block-columns is-layout-flex wp-container-core-columns-layout-5 wp-block-columns-is-layout-flex\">\n<div class=\"wp-block-column is-layout-flow wp-block-column-is-layout-flow\" style=\"flex-basis:100%\">\n<div class=\"wp-block-group alignwide has-background is-layout-flow wp-block-group-is-layout-flow\" style=\"background-color:#eeeeee\"><div class=\"wp-block-group__inner-container\">\n<div class=\"wp-block-group is-layout-constrained wp-block-group-is-layout-constrained\"><div class=\"wp-block-group__inner-container\">\n<div class=\"wp-block-columns are-vertically-aligned-center is-layout-flex wp-container-core-columns-layout-4 wp-block-columns-is-layout-flex\" style=\"padding-top:50px;padding-bottom:50px\">\n<div class=\"wp-block-column is-vertically-aligned-center is-layout-flow wp-block-column-is-layout-flow\">\n<h3 class=\"wp-block-heading\" id=\"kontakty\">Kontakty<\/h3>\n\n\n\n<p><strong>P\u0158\u00cdSTROJOV\u00c1 PEDIK\u00daRA HUSTOPE\u010cE<\/strong><br><strong>KATE\u0158INA KUKLOV\u00c1<\/strong><br>Kr\u00e1tk\u00e1 10, 693 01 Hustope\u010de<\/p>\n\n\n\n<p><a href=\"tel:+420 775 443 297\">+420 775 443 297<\/a><br><a href=\"mailto:info@pedikurahustopece.cz\">info@pedikurahustopece.cz<\/a><\/p>\n\n\n\n<p>PROVOZN\u00cd DOBA: dle objedn\u00e1vek<\/p>\n\n\n\n<div class=\"wp-block-buttons is-layout-flex wp-block-buttons-is-layout-flex\"><\/div>\n<\/div>\n\n\n\n<div class=\"wp-block-column is-vertically-aligned-center is-layout-flow wp-block-column-is-layout-flow\">\n<iframe src=\"https:\/\/www.google.com\/maps\/embed?pb=!1m18!1m12!1m3!1d2620.6879343556657!2d16.735561500000003!3d48.9403854!2m3!1f0!2f0!3f0!3m2!1i1024!2i768!4f13.1!3m3!1m2!1s0x0%3A0xbdb9ce884317c32f!2zUMWZw61zdHJvam92w6EgcGVkaWvDunJhIEh1c3RvcGXEjWU!5e0!3m2!1scs!2scz!4v1665051934999!5m2!1scs!2scz\" width=\"600\" height=\"450\" style=\"border:0;\" allowfullscreen=\"\" loading=\"lazy\" referrerpolicy=\"no-referrer-when-downgrade\"><\/iframe>\n<\/div>\n<\/div>\n<\/div><\/div>\n<\/div><\/div>\n<\/div>\n<\/div>\n<\/div>\n<\/div>\n\n\n\n<h2 class=\"wp-block-heading\">Moje certifikace<\/h2>\n\n\n\n<ul>\n<li><a href=\"https:\/\/pedikurahustopece.cz\/wp-content\/uploads\/2022\/11\/profesni-kvalifikace.pdf\" target=\"_blank\" rel=\"noreferrer noopener\">Profesn\u00ed kvalifikace 2022<\/a><\/li>\n\n\n\n<li><a href=\"https:\/\/pedikurahustopece.cz\/wp-content\/uploads\/2025\/01\/Pristrojova-2022.pdf\" target=\"_blank\" rel=\"noreferrer noopener\">Kurz p\u0159e\u0161kolen\u00ed na p\u0159\u00edstrojovou pedik\u00faru 2022<\/a><\/li>\n\n\n\n<li>\u010clen \u010cesk\u00e9 podiatrick\u00e9 spole\u010dnosti 2022<\/li>\n\n\n\n<li><a href=\"https:\/\/pedikurahustopece.cz\/wp-content\/uploads\/2022\/11\/certifikat-NITI.pdf\" target=\"_blank\" rel=\"noreferrer noopener\">Kurz nehtov\u00e9 spony NITI 2022<\/a><\/li>\n\n\n\n<li><a href=\"https:\/\/pedikurahustopece.cz\/wp-content\/uploads\/2022\/11\/webinar-diabeticka-noha-1.pdf\" target=\"_blank\" rel=\"noreferrer noopener\">Kurz o\u0161et\u0159en\u00ed diabetick\u00e9 nohy 2022<\/a><\/li>\n\n\n\n<li><a href=\"https:\/\/pedikurahustopece.cz\/wp-content\/uploads\/2023\/06\/protetika-1.jpg\" target=\"_blank\" rel=\"noreferrer noopener\">Kurz nehtov\u00e9 protetiky 2023<\/a><\/li>\n\n\n\n<li><a href=\"https:\/\/pedikurahustopece.cz\/wp-content\/uploads\/2025\/01\/Pedante-Zarustajici-nehty-2023.pdf\" target=\"_blank\" rel=\"noreferrer noopener\">Kurz o\u0161et\u0159en\u00ed zar\u016fstaj\u00edc\u00edch neht\u016f 2023<\/a><\/li>\n\n\n\n<li><a href=\"https:\/\/pedikurahustopece.cz\/wp-content\/uploads\/2025\/01\/Ruck-Akademie-Fussbeh.-bei-Diabetikern-2023.pdf\" target=\"_blank\" rel=\"noreferrer noopener\">Kurz o\u0161et\u0159en\u00ed diabetick\u00e9 nohy 2023<\/a><\/li>\n\n\n\n<li><a href=\"https:\/\/pedikurahustopece.cz\/wp-content\/uploads\/2025\/01\/Kongres-Piestany-2024.pdf\" target=\"_blank\" rel=\"noreferrer noopener\">\u00da\u010dast na kongresu v Pie\u0161\u0165anech 2024<\/a><\/li>\n\n\n\n<li><a href=\"https:\/\/pedikurahustopece.cz\/wp-content\/uploads\/2025\/01\/Kongres-Leipzig-2024.pdf\" target=\"_blank\" rel=\"noreferrer noopener\">\u00da\u010dast na kongresu v Lipsku 2024<\/a><\/li>\n\n\n\n<li><a href=\"https:\/\/pedikurahustopece.cz\/wp-content\/uploads\/2025\/01\/Onyfix-2024.pdf\" target=\"_blank\" rel=\"noreferrer noopener\">Kurz pasivn\u00edho rovn\u00e1tka 2024<\/a><\/li>\n\n\n\n<li><a href=\"https:\/\/pedikurahustopece.cz\/wp-content\/uploads\/2025\/01\/Osteofyty-2024.pdf\" target=\"_blank\" rel=\"noreferrer noopener\">Kurz osteofyty 2024<\/a><\/li>\n\n\n\n<li><a href=\"https:\/\/pedikurahustopece.cz\/wp-content\/uploads\/2025\/01\/Ruck-Akademie-Unguis-Incarnatus-2024.pdf\" target=\"_blank\" rel=\"noreferrer noopener\">Kurz o\u0161et\u0159en\u00ed zar\u016fstaj\u00edc\u00edch neht\u016f 2024<\/a><\/li>\n\n\n\n<li><a href=\"https:\/\/pedikurahustopece.cz\/wp-content\/uploads\/2025\/01\/Ruck-Akademie-Nagelveranderungen-2024.pdf\" target=\"_blank\" rel=\"noreferrer noopener\">Kurz o\u0161et\u0159en\u00ed chorob neht\u016f 2024<\/a><\/li>\n\n\n\n<li><a href=\"https:\/\/pedikurahustopece.cz\/wp-content\/uploads\/2025\/09\/KART-9-2025.pdf\">Kurz KART Pedik\u00fary 2025<\/a><\/li>\n<\/ul>\n","protected":false},"excerpt":{"rendered":"<p>P\u0159ehled slu\u017eeb: PEDIK\u00daRA Pedik\u00fara je 60-120 minutov\u00e9 o\u0161et\u0159en\u00ed nohou a neht\u016f. D\u00e9lka je z\u00e1visl\u00e1 na prov\u00e1d\u011bn\u00fdch slu\u017eb\u00e1ch. 800 K\u010d TAMPON\u00c1DA O\u0161et\u0159en\u00ed zar\u016fstaj\u00edc\u00edho nehtu pomoc\u00ed tampon\u00e1dy spo\u010d\u00edv\u00e1 ve vypodlo\u017een\u00ed zar\u016fstaj\u00edc\u00edho rohu nehtu speci\u00e1ln\u00ed tkaninou. 50 K\u010d \/ nehet NEHTOV\u00c1 SPONA NITI Pomoc\u00ed nehtov\u00e9 spony (rovn\u00e1tka) se zbav\u00edte zar\u016fst\u00e1n\u00ed neht\u016f jednou prov\u017edy.&nbsp;Sponov\u00e1n\u00ed je dlouhodob\u00e1 terapie.&nbsp; 800 K\u010d&#8230;<\/p>\n","protected":false},"author":1,"featured_media":0,"parent":0,"menu_order":0,"comment_status":"closed","ping_status":"open","template":"","meta":{"_mi_skip_tracking":false,"_monsterinsights_sitenote_active":false,"_monsterinsights_sitenote_note":"","_monsterinsights_sitenote_category":0,"_kad_post_transparent":"","_kad_post_title":"","_kad_post_layout":"","_kad_post_sidebar_id":"","_kad_post_content_style":"","_kad_post_vertical_padding":"","_kad_post_feature":"","_kad_post_feature_position":"","_kad_post_header":false,"_kad_post_footer":false,"footnotes":""},"yoast_head":"<!-- This site is optimized with the Yoast SEO plugin v21.6 - https:\/\/yoast.com\/wordpress\/plugins\/seo\/ -->\n<title>pedikurahustopece.cz<\/title>\n<meta name=\"description\" content=\"P\u0159\u00edstrojov\u00e1 pedik\u00fara Hustope\u010de nab\u00edz\u00ed slu\u017eby p\u00e9\u010de o nohy. Suchou pedik\u00faru, st\u0159\u00edh\u00e1n\u00ed, lakov\u00e1n\u00ed neht\u016f, mas\u00e1\u017e a o\u0161et\u0159en\u00ed zarostl\u00fdch neht\u016f.\" \/>\n<meta name=\"robots\" content=\"index, follow, max-snippet:-1, max-image-preview:large, max-video-preview:-1\" \/>\n<link rel=\"canonical\" href=\"https:\/\/pedikurahustopece.cz\/\" \/>\n<meta property=\"og:locale\" content=\"cs_CZ\" \/>\n<meta property=\"og:type\" content=\"article\" \/>\n<meta property=\"og:title\" content=\"pedikurahustopece.cz\" \/>\n<meta property=\"og:description\" content=\"Nab\u00edz\u00edm slu\u017eby p\u00e9\u010de o nohy. Suchou p\u0159\u00edstrojovou pedik\u00faru, st\u0159\u00edh\u00e1n\u00ed, lakov\u00e1n\u00ed neht\u016f, mas\u00e1\u017e, o\u0161et\u0159en\u00ed zarostl\u00fdch neht\u016f.\" \/>\n<meta property=\"og:url\" content=\"https:\/\/pedikurahustopece.cz\/\" \/>\n<meta property=\"og:site_name\" content=\"pedikurahustopece.cz\" \/>\n<meta property=\"article:modified_time\" content=\"2026-01-03T09:47:22+00:00\" \/>\n<meta property=\"og:image\" content=\"https:\/\/pedikurahustopece.cz\/wp-content\/uploads\/2022\/09\/Logo_Kacka_male.png\" \/>\n\t<meta property=\"og:image:width\" content=\"1348\" \/>\n\t<meta property=\"og:image:height\" content=\"1348\" \/>\n\t<meta property=\"og:image:type\" content=\"image\/png\" \/>\n<meta name=\"twitter:card\" content=\"summary_large_image\" \/>\n<meta name=\"twitter:label1\" content=\"Odhadovan\u00e1 doba \u010dten\u00ed\" \/>\n\t<meta name=\"twitter:data1\" content=\"6 minut\" \/>\n<script type=\"application\/ld+json\" class=\"yoast-schema-graph\">{\"@context\":\"https:\/\/schema.org\",\"@graph\":[{\"@type\":\"WebPage\",\"@id\":\"https:\/\/pedikurahustopece.cz\/\",\"url\":\"https:\/\/pedikurahustopece.cz\/\",\"name\":\"pedikurahustopece.cz\",\"isPartOf\":{\"@id\":\"https:\/\/pedikurahustopece.cz\/#website\"},\"datePublished\":\"2022-07-26T15:46:52+00:00\",\"dateModified\":\"2026-01-03T09:47:22+00:00\",\"description\":\"P\u0159\u00edstrojov\u00e1 pedik\u00fara Hustope\u010de nab\u00edz\u00ed slu\u017eby p\u00e9\u010de o nohy. Suchou pedik\u00faru, st\u0159\u00edh\u00e1n\u00ed, lakov\u00e1n\u00ed neht\u016f, mas\u00e1\u017e a o\u0161et\u0159en\u00ed zarostl\u00fdch neht\u016f.\",\"breadcrumb\":{\"@id\":\"https:\/\/pedikurahustopece.cz\/#breadcrumb\"},\"inLanguage\":\"cs\",\"potentialAction\":[{\"@type\":\"ReadAction\",\"target\":[\"https:\/\/pedikurahustopece.cz\/\"]}]},{\"@type\":\"BreadcrumbList\",\"@id\":\"https:\/\/pedikurahustopece.cz\/#breadcrumb\",\"itemListElement\":[{\"@type\":\"ListItem\",\"position\":1,\"name\":\"Home\",\"item\":\"https:\/\/pedikurahustopece.cz\/\"},{\"@type\":\"ListItem\",\"position\":2,\"name\":\"\u00davodn\u00ed str\u00e1nka\"}]},{\"@type\":\"WebSite\",\"@id\":\"https:\/\/pedikurahustopece.cz\/#website\",\"url\":\"https:\/\/pedikurahustopece.cz\/\",\"name\":\"pedikurahustopece.cz\",\"description\":\"P\u0159\u00edstrojov\u00e1 pedik\u00fara Hustope\u010de\",\"publisher\":{\"@id\":\"https:\/\/pedikurahustopece.cz\/#organization\"},\"potentialAction\":[{\"@type\":\"SearchAction\",\"target\":{\"@type\":\"EntryPoint\",\"urlTemplate\":\"https:\/\/pedikurahustopece.cz\/?s={search_term_string}\"},\"query-input\":\"required name=search_term_string\"}],\"inLanguage\":\"cs\"},{\"@type\":\"Organization\",\"@id\":\"https:\/\/pedikurahustopece.cz\/#organization\",\"name\":\"P\u0159\u00edstrojov\u00e1 pedik\u00fara Hustope\u010de\",\"url\":\"https:\/\/pedikurahustopece.cz\/\",\"logo\":{\"@type\":\"ImageObject\",\"inLanguage\":\"cs\",\"@id\":\"https:\/\/pedikurahustopece.cz\/#\/schema\/logo\/image\/\",\"url\":\"https:\/\/pedikurahustopece.cz\/wp-content\/uploads\/2022\/09\/Logo_Kacka_male.png\",\"contentUrl\":\"https:\/\/pedikurahustopece.cz\/wp-content\/uploads\/2022\/09\/Logo_Kacka_male.png\",\"width\":1348,\"height\":1348,\"caption\":\"P\u0159\u00edstrojov\u00e1 pedik\u00fara Hustope\u010de\"},\"image\":{\"@id\":\"https:\/\/pedikurahustopece.cz\/#\/schema\/logo\/image\/\"}}]}<\/script>\n<!-- \/ Yoast SEO plugin. -->","yoast_head_json":{"title":"pedikurahustopece.cz","description":"P\u0159\u00edstrojov\u00e1 pedik\u00fara Hustope\u010de nab\u00edz\u00ed slu\u017eby p\u00e9\u010de o nohy. Suchou pedik\u00faru, st\u0159\u00edh\u00e1n\u00ed, lakov\u00e1n\u00ed neht\u016f, mas\u00e1\u017e a o\u0161et\u0159en\u00ed zarostl\u00fdch neht\u016f.","robots":{"index":"index","follow":"follow","max-snippet":"max-snippet:-1","max-image-preview":"max-image-preview:large","max-video-preview":"max-video-preview:-1"},"canonical":"https:\/\/pedikurahustopece.cz\/","og_locale":"cs_CZ","og_type":"article","og_title":"pedikurahustopece.cz","og_description":"Nab\u00edz\u00edm slu\u017eby p\u00e9\u010de o nohy. Suchou p\u0159\u00edstrojovou pedik\u00faru, st\u0159\u00edh\u00e1n\u00ed, lakov\u00e1n\u00ed neht\u016f, mas\u00e1\u017e, o\u0161et\u0159en\u00ed zarostl\u00fdch neht\u016f.","og_url":"https:\/\/pedikurahustopece.cz\/","og_site_name":"pedikurahustopece.cz","article_modified_time":"2026-01-03T09:47:22+00:00","og_image":[{"width":1348,"height":1348,"url":"https:\/\/pedikurahustopece.cz\/wp-content\/uploads\/2022\/09\/Logo_Kacka_male.png","type":"image\/png"}],"twitter_card":"summary_large_image","twitter_misc":{"Odhadovan\u00e1 doba \u010dten\u00ed":"6 minut"},"schema":{"@context":"https:\/\/schema.org","@graph":[{"@type":"WebPage","@id":"https:\/\/pedikurahustopece.cz\/","url":"https:\/\/pedikurahustopece.cz\/","name":"pedikurahustopece.cz","isPartOf":{"@id":"https:\/\/pedikurahustopece.cz\/#website"},"datePublished":"2022-07-26T15:46:52+00:00","dateModified":"2026-01-03T09:47:22+00:00","description":"P\u0159\u00edstrojov\u00e1 pedik\u00fara Hustope\u010de nab\u00edz\u00ed slu\u017eby p\u00e9\u010de o nohy. Suchou pedik\u00faru, st\u0159\u00edh\u00e1n\u00ed, lakov\u00e1n\u00ed neht\u016f, mas\u00e1\u017e a o\u0161et\u0159en\u00ed zarostl\u00fdch neht\u016f.","breadcrumb":{"@id":"https:\/\/pedikurahustopece.cz\/#breadcrumb"},"inLanguage":"cs","potentialAction":[{"@type":"ReadAction","target":["https:\/\/pedikurahustopece.cz\/"]}]},{"@type":"BreadcrumbList","@id":"https:\/\/pedikurahustopece.cz\/#breadcrumb","itemListElement":[{"@type":"ListItem","position":1,"name":"Home","item":"https:\/\/pedikurahustopece.cz\/"},{"@type":"ListItem","position":2,"name":"\u00davodn\u00ed str\u00e1nka"}]},{"@type":"WebSite","@id":"https:\/\/pedikurahustopece.cz\/#website","url":"https:\/\/pedikurahustopece.cz\/","name":"pedikurahustopece.cz","description":"P\u0159\u00edstrojov\u00e1 pedik\u00fara Hustope\u010de","publisher":{"@id":"https:\/\/pedikurahustopece.cz\/#organization"},"potentialAction":[{"@type":"SearchAction","target":{"@type":"EntryPoint","urlTemplate":"https:\/\/pedikurahustopece.cz\/?s={search_term_string}"},"query-input":"required name=search_term_string"}],"inLanguage":"cs"},{"@type":"Organization","@id":"https:\/\/pedikurahustopece.cz\/#organization","name":"P\u0159\u00edstrojov\u00e1 pedik\u00fara Hustope\u010de","url":"https:\/\/pedikurahustopece.cz\/","logo":{"@type":"ImageObject","inLanguage":"cs","@id":"https:\/\/pedikurahustopece.cz\/#\/schema\/logo\/image\/","url":"https:\/\/pedikurahustopece.cz\/wp-content\/uploads\/2022\/09\/Logo_Kacka_male.png","contentUrl":"https:\/\/pedikurahustopece.cz\/wp-content\/uploads\/2022\/09\/Logo_Kacka_male.png","width":1348,"height":1348,"caption":"P\u0159\u00edstrojov\u00e1 pedik\u00fara Hustope\u010de"},"image":{"@id":"https:\/\/pedikurahustopece.cz\/#\/schema\/logo\/image\/"}}]}},"_links":{"self":[{"href":"https:\/\/pedikurahustopece.cz\/index.php?rest_route=\/wp\/v2\/pages\/2"}],"collection":[{"href":"https:\/\/pedikurahustopece.cz\/index.php?rest_route=\/wp\/v2\/pages"}],"about":[{"href":"https:\/\/pedikurahustopece.cz\/index.php?rest_route=\/wp\/v2\/types\/page"}],"author":[{"embeddable":true,"href":"https:\/\/pedikurahustopece.cz\/index.php?rest_route=\/wp\/v2\/users\/1"}],"replies":[{"embeddable":true,"href":"https:\/\/pedikurahustopece.cz\/index.php?rest_route=%2Fwp%2Fv2%2Fcomments&post=2"}],"version-history":[{"count":6,"href":"https:\/\/pedikurahustopece.cz\/index.php?rest_route=\/wp\/v2\/pages\/2\/revisions"}],"predecessor-version":[{"id":374,"href":"https:\/\/pedikurahustopece.cz\/index.php?rest_route=\/wp\/v2\/pages\/2\/revisions\/374"}],"wp:attachment":[{"href":"https:\/\/pedikurahustopece.cz\/index.php?rest_route=%2Fwp%2Fv2%2Fmedia&parent=2"}],"curies":[{"name":"wp","href":"https:\/\/api.w.org\/{rel}","templated":true}]}}